{"version":"1.0","provider_name":"Not\u00edcias | Siqueira Castro","provider_url":"https:\/\/www.siqueiracastro.com.br\/noticias","title":"Bem de Fam\u00edlia \u2013 Volunt\u00e1rio ou Legal - Not\u00edcias | Siqueira Castro","type":"rich","width":600,"height":338,"html":"<blockquote class=\"wp-embedded-content\" data-secret=\"v4paxTcJcV\"><a href=\"https:\/\/www.siqueiracastro.com.br\/noticias\/bem-de-familia-voluntario-ou-legal\/\">Bem de Fam\u00edlia \u2013 Volunt\u00e1rio ou Legal<\/a><\/blockquote><iframe sandbox=\"allow-scripts\" security=\"restricted\" src=\"https:\/\/www.siqueiracastro.com.br\/noticias\/bem-de-familia-voluntario-ou-legal\/embed\/#?secret=v4paxTcJcV\" width=\"600\" height=\"338\" title=\"&#8220;Bem de Fam\u00edlia \u2013 Volunt\u00e1rio ou Legal&#8221; &#8212; Not\u00edcias | Siqueira Castro\" data-secret=\"v4paxTcJcV\" frameborder=\"0\" marginwidth=\"0\" marginheight=\"0\" scrolling=\"no\" class=\"wp-embedded-content\"><\/iframe><script type=\"text\/javascript\">\n\/* <![CDATA[ *\/\n\/*! This file is auto-generated *\/\n!function(d,l){\"use strict\";l.querySelector&&d.addEventListener&&\"undefined\"!=typeof URL&&(d.wp=d.wp||{},d.wp.receiveEmbedMessage||(d.wp.receiveEmbedMessage=function(e){var t=e.data;if((t||t.secret||t.message||t.value)&&!\/[^a-zA-Z0-9]\/.test(t.secret)){for(var s,r,n,a=l.querySelectorAll('iframe[data-secret=\"'+t.secret+'\"]'),o=l.querySelectorAll('blockquote[data-secret=\"'+t.secret+'\"]'),c=new RegExp(\"^https?:$\",\"i\"),i=0;i<o.length;i++)o[i].style.display=\"none\";for(i=0;i<a.length;i++)s=a[i],e.source===s.contentWindow&&(s.removeAttribute(\"style\"),\"height\"===t.message?(1e3<(r=parseInt(t.value,10))?r=1e3:~~r<200&&(r=200),s.height=r):\"link\"===t.message&&(r=new URL(s.getAttribute(\"src\")),n=new URL(t.value),c.test(n.protocol))&&n.host===r.host&&l.activeElement===s&&(d.top.location.href=t.value))}},d.addEventListener(\"message\",d.wp.receiveEmbedMessage,!1),l.addEventListener(\"DOMContentLoaded\",function(){for(var e,t,s=l.querySelectorAll(\"iframe.wp-embedded-content\"),r=0;r<s.length;r++)(t=(e=s[r]).getAttribute(\"data-secret\"))||(t=Math.random().toString(36).substring(2,12),e.src+=\"#?secret=\"+t,e.setAttribute(\"data-secret\",t)),e.contentWindow.postMessage({message:\"ready\",secret:t},\"*\")},!1)))}(window,document);\n\/\/# sourceURL=https:\/\/www.siqueiracastro.com.br\/noticias\/wp-includes\/js\/wp-embed.min.js\n\/* ]]> *\/\n<\/script>\n","description":"O objeto do bem de fam\u00edlia \u00e9 o pr\u00e9dio residencial urbano ou rural, utilizado como resid\u00eancia da fam\u00edlia, al\u00e9m da possibilidade de afeta\u00e7\u00e3o de valores mobili\u00e1rios que n\u00e3o superem, no momento da institui\u00e7\u00e3o, o valor do bem im\u00f3vel. Dessa forma, o somat\u00f3rio dos valores do pr\u00e9dio e dos t\u00edtulos mobili\u00e1rios n\u00e3o poder\u00e1 ultrapassar a 1\/3 [&hellip;]","thumbnail_url":"https:\/\/www.siqueiracastro.com.br\/noticias\/wp-content\/uploads\/03\/Afastada-penhora-de-imovel-partilhado-com-quatro-herdeiros-alem-do-devedor-1024x683.jpg"}