{"version":"1.0","provider_name":"Not\u00edcias | Siqueira Castro","provider_url":"https:\/\/www.siqueiracastro.com.br\/noticias","title":"\u00daltimas notas t\u00e9cnicas trabalhistas sobre a pandemia - Not\u00edcias | Siqueira Castro","type":"rich","width":600,"height":338,"html":"<blockquote class=\"wp-embedded-content\" data-secret=\"g5MqwGN8Y6\"><a href=\"https:\/\/www.siqueiracastro.com.br\/noticias\/ultimas-notas-tecnicas-trabalhistas-sobre-a-pandemia\/\">\u00daltimas notas t\u00e9cnicas trabalhistas sobre a pandemia<\/a><\/blockquote><iframe sandbox=\"allow-scripts\" security=\"restricted\" src=\"https:\/\/www.siqueiracastro.com.br\/noticias\/ultimas-notas-tecnicas-trabalhistas-sobre-a-pandemia\/embed\/#?secret=g5MqwGN8Y6\" width=\"600\" height=\"338\" title=\"&#8220;\u00daltimas notas t\u00e9cnicas trabalhistas sobre a pandemia&#8221; &#8212; Not\u00edcias | Siqueira Castro\" data-secret=\"g5MqwGN8Y6\" frameborder=\"0\" marginwidth=\"0\" marginheight=\"0\" scrolling=\"no\" class=\"wp-embedded-content\"><\/iframe><script type=\"text\/javascript\">\n\/* <![CDATA[ *\/\n\/*! This file is auto-generated *\/\n!function(d,l){\"use strict\";l.querySelector&&d.addEventListener&&\"undefined\"!=typeof URL&&(d.wp=d.wp||{},d.wp.receiveEmbedMessage||(d.wp.receiveEmbedMessage=function(e){var t=e.data;if((t||t.secret||t.message||t.value)&&!\/[^a-zA-Z0-9]\/.test(t.secret)){for(var s,r,n,a=l.querySelectorAll('iframe[data-secret=\"'+t.secret+'\"]'),o=l.querySelectorAll('blockquote[data-secret=\"'+t.secret+'\"]'),c=new RegExp(\"^https?:$\",\"i\"),i=0;i<o.length;i++)o[i].style.display=\"none\";for(i=0;i<a.length;i++)s=a[i],e.source===s.contentWindow&&(s.removeAttribute(\"style\"),\"height\"===t.message?(1e3<(r=parseInt(t.value,10))?r=1e3:~~r<200&&(r=200),s.height=r):\"link\"===t.message&&(r=new URL(s.getAttribute(\"src\")),n=new URL(t.value),c.test(n.protocol))&&n.host===r.host&&l.activeElement===s&&(d.top.location.href=t.value))}},d.addEventListener(\"message\",d.wp.receiveEmbedMessage,!1),l.addEventListener(\"DOMContentLoaded\",function(){for(var e,t,s=l.querySelectorAll(\"iframe.wp-embedded-content\"),r=0;r<s.length;r++)(t=(e=s[r]).getAttribute(\"data-secret\"))||(t=Math.random().toString(36).substring(2,12),e.src+=\"#?secret=\"+t,e.setAttribute(\"data-secret\",t)),e.contentWindow.postMessage({message:\"ready\",secret:t},\"*\")},!1)))}(window,document);\n\/\/# sourceURL=https:\/\/www.siqueiracastro.com.br\/noticias\/wp-includes\/js\/wp-embed.min.js\n\/* ]]> *\/\n<\/script>\n","description":"Em 3 de dezembro, por meio da&nbsp;Nota T\u00e9cnica GT COVID-19 n\u00ba 20\/2020, o&nbsp;Minist\u00e9rio P\u00fablico do Trabalho&nbsp;instou os m\u00e9dicos do trabalho a solicitarem \u00e0s empresas a emiss\u00e3o de Comunica\u00e7\u00e3o de Acidente do Trabalho (CAT) para os&nbsp;casos&nbsp;confirmados e&nbsp;suspeitos de contamina\u00e7\u00e3o&nbsp;pelo novo Coronav\u00edrus (SARS-CoV-2), inclusive aqueles em que os testes consignem resultado \u201cn\u00e3o detect\u00e1vel\u201d, mas que haja a [&hellip;]"}